{"id":9533,"date":"2013-04-01T13:38:51","date_gmt":"2013-04-01T13:38:51","guid":{"rendered":"http:\/\/info.lanterne.ch\/?p=9533"},"modified":"2021-08-25T13:15:06","modified_gmt":"2021-08-25T13:15:06","slug":"titeuf","status":"publish","type":"lm_events","link":"https:\/\/www.lanterne-magique.org\/de\/events\/titeuf\/","title":{"rendered":"Entdecke mit \u00abTiteuf, der Film\u00bb die Solothurner Filmtage!"},"content":{"rendered":"<p>Neben ihren regul\u00e4ren Filmvorf\u00fchrungen richtet die Zauberlaterne mit der Schweizerischen Post Spezialevents f\u00fcr die ganze Familie aus. In allen Landesteilen der Schweiz k\u00f6nnen Gross und Klein an Sonder-Vorf\u00fchrungen teilnehmen: Vorauff\u00fchrungen, Filmfestivals, thematische Filmvorstellungen etc.<\/p>\n<p>Zu Beginn des neuen Jahres sind neben den Mitgliedern der Zauberlaterne alle <strong>Mitarbeiter der Post<\/strong> und ihre Familien eingeladen, die \u00abSolothurner Filmtage\u00bb, das bedeutendste Festival f\u00fcr den Schweizer Film, zu einem Vorteilspreis zu erleben&#8230;<\/p>\n<p>Die Zauberlaterne l\u00e4dt Dich ein, die \u00abSolothurner Filmtage\u00bb, das bedeutendste Festival des Schweizer Films, kennenzulernen. Komm mit Deiner Familie vorbei und entdecke den Zeichentrickfilm \u00abTiteuf, der Film\u00bb des ber\u00fchmten Comiczeichners Zep.<br \/>\nVor der Filmvorf\u00fchrung erwartet Dich ein am\u00fcsantes Spektakel. Dort lernst Du, dass das Schweizer Kino tats\u00e4chlich existiert und sogar eine ganz eigene Geschichte hat!<\/p>\n<h2>Samstag, 26. Januar 2013, 10 Uhr, Kino Palace, Hauptgasse 57, Solothurn<\/h2>\n<p>Eintritt f\u00fcr Mitglieder der Zauberlaterne: 6 CHF<br \/>\nErwachsene: 16 CHF<br \/>\nalle anderen Kinder (ab 6 Jahre): 10 CHF<\/p>\n<p>Eintritt f\u00fcr Mitarbeiter der Post:<br \/>\nErwachsene: 12 CHF<br \/>\nKinder (ab 6 Jahre): 10 CHF<\/p>\n<p><strong>Bitte f\u00fcllen Sie die folgenden Felder f\u00fcr Ihre Reservierung aus.<br \/>\n<\/strong>Angebot g\u00fcltig solange Pl\u00e4tze verf\u00fcgbar.<strong><br \/>\n<\/strong><\/p>\n<p>[contact-form-7 id=&#8220;9772&#8243; title=&#8220;SOLOTHURN 2013&#8243;]<\/p>\n<p><em>Zauberhafte Events mit:<\/em><br \/>\n<a href=\"http:\/\/www.poste.ch\/de\/post-startseite.htm\" target=\"_blank\" rel=\"noopener noreferrer\"><img decoding=\"async\" class=\"alignleft wp-image-9790\" src=\"http:\/\/info.lanterne.ch\/wp-content\/uploads\/2012\/12\/Poste_DE_web.jpg\" alt=\"Poste_DE_web\" width=\"200\" \/><\/a><\/p>\n","protected":false},"excerpt":{"rendered":"<p>Neben ihren regul\u00e4ren Filmvorf\u00fchrungen richtet die Zauberlaterne mit der Schweizerischen Post Spezialevents f\u00fcr die ganze Familie aus. In allen Landesteilen der Schweiz k\u00f6nnen Gross und Klein an Sonder-Vorf\u00fchrungen teilnehmen: Vorauff\u00fchrungen, Filmfestivals, thematische Filmvorstellungen etc. Zu Beginn des neuen Jahres sind neben den Mitgliedern der Zauberlaterne alle Mitarbeiter der Post und ihre Familien eingeladen, die \u00abSolothurner [&hellip;]<\/p>\n","protected":false},"author":1,"featured_media":37704,"template":"","class_list":["post-9533","lm_events","type-lm_events","status-publish","has-post-thumbnail","hentry"],"acf":{"start_date":"20130126","date_texte":"Samstag, 26. Januar 2013","location":"Solothurn","intro":"Entdecke mit \u00abTiteuf, der Film\u00bb die \u00abSolothurner Filmtage\u00bb","subtitle":"Titeuf","bg_color":"saumon","sidebar_title":"","sidebar_content":"","sidebar_image":false},"_links":{"self":[{"href":"https:\/\/www.lanterne-magique.org\/de\/wp-json\/wp\/v2\/lm_events\/9533","targetHints":{"allow":["GET"]}}],"collection":[{"href":"https:\/\/www.lanterne-magique.org\/de\/wp-json\/wp\/v2\/lm_events"}],"about":[{"href":"https:\/\/www.lanterne-magique.org\/de\/wp-json\/wp\/v2\/types\/lm_events"}],"author":[{"embeddable":true,"href":"https:\/\/www.lanterne-magique.org\/de\/wp-json\/wp\/v2\/users\/1"}],"version-history":[{"count":3,"href":"https:\/\/www.lanterne-magique.org\/de\/wp-json\/wp\/v2\/lm_events\/9533\/revisions"}],"predecessor-version":[{"id":50389,"href":"https:\/\/www.lanterne-magique.org\/de\/wp-json\/wp\/v2\/lm_events\/9533\/revisions\/50389"}],"wp:featuredmedia":[{"embeddable":true,"href":"https:\/\/www.lanterne-magique.org\/de\/wp-json\/wp\/v2\/media\/37704"}],"wp:attachment":[{"href":"https:\/\/www.lanterne-magique.org\/de\/wp-json\/wp\/v2\/media?parent=9533"}],"curies":[{"name":"wp","href":"https:\/\/api.w.org\/{rel}","templated":true}]}}