{"id":90810,"date":"2026-01-07T13:05:49","date_gmt":"2026-01-07T13:05:49","guid":{"rendered":"https:\/\/www.lanterne-magique.org\/?post_type=lm_events&#038;p=90810"},"modified":"2026-01-08T14:03:20","modified_gmt":"2026-01-08T14:03:20","slug":"mein-freund-barry-premieren-26","status":"publish","type":"lm_events","link":"https:\/\/www.lanterne-magique.org\/de\/events\/mein-freund-barry-premieren-26\/","title":{"rendered":"Spezialvorf\u00fchrungen \u00abMein Freund Barry\u00bb"},"content":{"rendered":"<p><mark><strong>Sonntag, 11. Januar, 15:00 Uhr<\/strong><\/mark><\/p>\n<p><strong>Kino Rex, Biel<\/strong><\/p>\n<p><em>In Anwesenheit des Regisseurs Markus Welter und den Hauptdarstellern Paco von Wyss und Maxime K\u00e4mpf<\/em><\/p>\n<p><mark><strong>Sonntag, 18. Januar, 17:30 Uhr<\/strong><\/mark><\/p>\n<p><strong>Kino cineMovie, Bern<\/strong><\/p>\n<p><em>In Anwesenheit des Regisseurs Markus Welter und den Hauptdarstellern Paco von Wyss und Mael Gallati<\/em><\/p>\n<p><strong>Verg\u00fcnstigter Eintritt f\u00fcr Mitglieder der Zauberalterne: 10.\u2014 CHF beim Vorweisen des Mitgliedsausweises an der Kinokasse<\/strong><\/p>\n<p>Um 1800 versucht der zw\u00f6lfj\u00e4hrige Georg, die Schweizer Alpen zu \u00fcberqueren, um nach Italien zu gelangen. Doch er hat nicht mit den extremen Bedingungen in diesen Bergen gerechnet. Er wird krank und schlie\u00dflich von den M\u00f6nchen des Grossen Sankt Bernhard Passes aufgenommen. Dort oben findet er einen hilflosen Welpen namens Barry. Das ist der Beginn einer gro\u00dfen Freundschaft&#8230; Inspiriert von der wahren Geschichte des ber\u00fchmtesten Rettungshundes l\u00e4dt dich \u00abMein Freund Barry\u00bb zu einem gro\u00dfen Abenteuer in der wundersch\u00f6nen Schweizer Landschaft ein!<\/p>\n<p><em>von Markus Welter, Schweiz\/Deutschland, 2026, 1h35<\/em><\/p>\n<p><em><strong>Ab 6 Jahren<\/strong><\/em><\/p>\n<p>&nbsp;<\/p>\n<div style=\"padding: 56.25% 0 0 0; position: relative;\"><iframe style=\"position: absolute; top: 0; left: 0; width: 100%; height: 100%;\" title=\"YouTube video player\" src=\"https:\/\/www.youtube.com\/embed\/huBNry3iXhY?si=vS1bkngLzbNuhrNM\" frameborder=\"0\" allowfullscreen=\"allowfullscreen\"><span data-mce-type=\"bookmark\" style=\"display: inline-block; width: 0px; overflow: hidden; line-height: 0;\" class=\"mce_SELRES_start\">\ufeff<\/span><span data-mce-type=\"bookmark\" style=\"display: inline-block; width: 0px; overflow: hidden; line-height: 0;\" class=\"mce_SELRES_start\">\ufeff<\/span><span data-mce-type=\"bookmark\" style=\"display: inline-block; width: 0px; overflow: hidden; line-height: 0;\" class=\"mce_SELRES_start\">\ufeff<\/span><\/iframe><\/div>\n","protected":false},"excerpt":{"rendered":"<p>Entdecke \u00abMein Freund Barry\u00bb, einen Schweizer Film, der eine sch\u00f6ne Geschichte \u00fcber Mut und Freundschaft erz\u00e4hlt! In Anwesenheit des Regisseurs Markus Welter und den Hauptdarstellern Paco von Wyss, Maxime K\u00e4mpf und Mael Gallati&#8230;<\/p>\n","protected":false},"author":15,"featured_media":90827,"template":"","class_list":["post-90810","lm_events","type-lm_events","status-publish","has-post-thumbnail","hentry"],"acf":{"start_date":"20260118","date_texte":"Am Sonntag, 11. Januar und Sonntag, 18. Januar","location":"Biel und Bern","intro":"Entdecke \u00abMein Freund Barry\u00bb, einen Schweizer Film, der eine sch\u00f6ne Geschichte \u00fcber Mut und Freundschaft erz\u00e4hlt!","subtitle":"\u00abMein Freund Barry\u00bb","bg_color":"bleu","sidebar_title":"","sidebar_content":"","sidebar_image":false},"_links":{"self":[{"href":"https:\/\/www.lanterne-magique.org\/de\/wp-json\/wp\/v2\/lm_events\/90810","targetHints":{"allow":["GET"]}}],"collection":[{"href":"https:\/\/www.lanterne-magique.org\/de\/wp-json\/wp\/v2\/lm_events"}],"about":[{"href":"https:\/\/www.lanterne-magique.org\/de\/wp-json\/wp\/v2\/types\/lm_events"}],"author":[{"embeddable":true,"href":"https:\/\/www.lanterne-magique.org\/de\/wp-json\/wp\/v2\/users\/15"}],"version-history":[{"count":15,"href":"https:\/\/www.lanterne-magique.org\/de\/wp-json\/wp\/v2\/lm_events\/90810\/revisions"}],"predecessor-version":[{"id":90844,"href":"https:\/\/www.lanterne-magique.org\/de\/wp-json\/wp\/v2\/lm_events\/90810\/revisions\/90844"}],"wp:featuredmedia":[{"embeddable":true,"href":"https:\/\/www.lanterne-magique.org\/de\/wp-json\/wp\/v2\/media\/90827"}],"wp:attachment":[{"href":"https:\/\/www.lanterne-magique.org\/de\/wp-json\/wp\/v2\/media?parent=90810"}],"curies":[{"name":"wp","href":"https:\/\/api.w.org\/{rel}","templated":true}]}}