{"id":84691,"date":"2024-08-22T08:59:26","date_gmt":"2024-08-22T08:59:26","guid":{"rendered":"https:\/\/www.lanterne-magique.org\/?post_type=lm_events&#038;p=84691"},"modified":"2024-08-22T08:59:26","modified_gmt":"2024-08-22T08:59:26","slug":"kommissar-gordon-und-buffy-24","status":"publish","type":"lm_events","link":"https:\/\/www.lanterne-magique.org\/de\/events\/kommissar-gordon-und-buffy-24\/","title":{"rendered":"\u00abKommissar Gordon &#038; Buffy\u00bb"},"content":{"rendered":"<p>Alle Tiere des Waldes erz\u00e4hlen von der Zeit, als der Fuchs rumschlich. Gl\u00fccklicherweise wurde er schon l\u00e4ngere Zeit nicht mehr gesehen. Aber als Kommissar Gordon wegen Nussdiebstahl einbestellt wird, verd\u00e4chtigt er erneut das allseits gef\u00fcrchtete Tier. Um den Dieb zu stellen, ben\u00f6tigt er Hilfe von Paddy, der kleinen Maus mit ausgepr\u00e4gtem Sp\u00fcrsinn. Ein lustiger Detektivfilm, der dazu einl\u00e4dt, hinter die Fassaden zu schauen und Vorurteile abzubauen!<\/p>\n<p><em>von Linda Hamb\u00e4ck, Schweden, 2017, 1h05<\/em><\/p>\n<p>&nbsp;<\/p>\n<div style=\"padding: 56.25% 0 0 0; position: relative;\"><iframe style=\"position: absolute; top: 0; left: 0; width: 100%; height: 100%;\" title=\"YouTube video player\" src=\"https:\/\/www.youtube.com\/embed\/sJiVfil7Aw8?si=HtWD37Gpe3wogWs9\" frameborder=\"0\" allowfullscreen=\"allowfullscreen\"><span data-mce-type=\"bookmark\" style=\"display: inline-block; width: 0px; overflow: hidden; line-height: 0;\" class=\"mce_SELRES_start\">\ufeff<\/span><span data-mce-type=\"bookmark\" style=\"display: inline-block; width: 0px; overflow: hidden; line-height: 0;\" class=\"mce_SELRES_start\">\ufeff<\/span><span data-mce-type=\"bookmark\" style=\"display: inline-block; width: 0px; overflow: hidden; line-height: 0;\" class=\"mce_SELRES_start\">\ufeff<\/span><span data-mce-type=\"bookmark\" style=\"display: inline-block; width: 0px; overflow: hidden; line-height: 0;\" class=\"mce_SELRES_start\">\ufeff<\/span><span data-mce-type=\"bookmark\" style=\"display: inline-block; width: 0px; overflow: hidden; line-height: 0;\" class=\"mce_SELRES_start\">\ufeff<\/span><span data-mce-type=\"bookmark\" style=\"display: inline-block; width: 0px; overflow: hidden; line-height: 0;\" class=\"mce_SELRES_start\">\ufeff<\/span><span data-mce-type=\"bookmark\" style=\"display: inline-block; width: 0px; overflow: hidden; line-height: 0;\" class=\"mce_SELRES_start\">\ufeff<\/span><span data-mce-type=\"bookmark\" style=\"display: inline-block; width: 0px; overflow: hidden; line-height: 0;\" class=\"mce_SELRES_start\">\ufeff<\/span><span data-mce-type=\"bookmark\" style=\"display: inline-block; width: 0px; overflow: hidden; line-height: 0;\" class=\"mce_SELRES_start\">\ufeff<\/span><span data-mce-type=\"bookmark\" style=\"display: inline-block; width: 0px; overflow: hidden; line-height: 0;\" class=\"mce_SELRES_start\">\ufeff<\/span><span data-mce-type=\"bookmark\" style=\"display: inline-block; width: 0px; overflow: hidden; line-height: 0;\" class=\"mce_SELRES_start\">\ufeff<\/span><span data-mce-type=\"bookmark\" style=\"display: inline-block; width: 0px; overflow: hidden; line-height: 0;\" class=\"mce_SELRES_start\">\ufeff<\/span><\/iframe><\/div>\n","protected":false},"excerpt":{"rendered":"<p>Entdecke im Kino \u00abKommissar Gordon &#038; Buffy\u00bb, in dem die lustigen und liebensw\u00fcrdigen Figuren Freundschaft und Respekt hoch halten!<\/p>\n","protected":false},"author":15,"featured_media":84584,"template":"","class_list":["post-84691","lm_events","type-lm_events","status-publish","has-post-thumbnail","hentry"],"acf":{"start_date":"20240829","date_texte":"Ab Donnerstag, 29. August","location":"in den Deutschschweizer Kinos","intro":"Entdecke im Kino \u00abKommissar Gordon & Buffy\u00bb, in dem die lustigen und liebensw\u00fcrdigen Figuren Freundschaft und Respekt hoch halten!","subtitle":"","bg_color":"saumon","sidebar_title":"","sidebar_content":"","sidebar_image":false},"_links":{"self":[{"href":"https:\/\/www.lanterne-magique.org\/de\/wp-json\/wp\/v2\/lm_events\/84691","targetHints":{"allow":["GET"]}}],"collection":[{"href":"https:\/\/www.lanterne-magique.org\/de\/wp-json\/wp\/v2\/lm_events"}],"about":[{"href":"https:\/\/www.lanterne-magique.org\/de\/wp-json\/wp\/v2\/types\/lm_events"}],"author":[{"embeddable":true,"href":"https:\/\/www.lanterne-magique.org\/de\/wp-json\/wp\/v2\/users\/15"}],"version-history":[{"count":1,"href":"https:\/\/www.lanterne-magique.org\/de\/wp-json\/wp\/v2\/lm_events\/84691\/revisions"}],"predecessor-version":[{"id":84692,"href":"https:\/\/www.lanterne-magique.org\/de\/wp-json\/wp\/v2\/lm_events\/84691\/revisions\/84692"}],"wp:featuredmedia":[{"embeddable":true,"href":"https:\/\/www.lanterne-magique.org\/de\/wp-json\/wp\/v2\/media\/84584"}],"wp:attachment":[{"href":"https:\/\/www.lanterne-magique.org\/de\/wp-json\/wp\/v2\/media?parent=84691"}],"curies":[{"name":"wp","href":"https:\/\/api.w.org\/{rel}","templated":true}]}}