{"id":46008,"date":"2019-09-18T13:34:03","date_gmt":"2019-09-18T13:34:03","guid":{"rendered":"https:\/\/www.lanterne-magique.org\/?post_type=lm_events&#038;p=46008"},"modified":"2021-08-25T13:13:45","modified_gmt":"2021-08-25T13:13:45","slug":"zff-19","status":"publish","type":"lm_events","link":"https:\/\/www.lanterne-magique.org\/de\/events\/zff-19\/","title":{"rendered":"\u00abInvisible Sue\u00bb am ZFF"},"content":{"rendered":"<p><strong>Das Zurich Film Festival (ZFF) und die Zauberlaterne pr\u00e4sentieren im Rahmen der Reihe \u00abZFF f\u00fcr Kinder\u00bb den Superheldinnenfilm von Markus Dietrich.<\/strong><\/p>\n<p>F\u00fcr die \u00abZFF f\u00fcr Kinder\u00bb-Filme verlosen wir <a href=\"https:\/\/www.lanterne-magique.org\/de\/formular-zff-19\/\" target=\"_blank\" rel=\"noopener noreferrer\"><strong>15 Gutscheine<\/strong><\/a> (ohne Gew\u00e4hr) an Zauberlaterne-Klubmitglieder.<\/p>\n<p><strong>Sonntag, 29. September 2019<\/strong><br \/>\n16.00 Uhr, Kino Arena Sihlcity, Saal 3, Z\u00fcrich<br \/>\n(in Anwesenheit des Regisseurs Markus Dietrich \u2013 die Kinder k\u00f6nnen ihm im Anschluss Fragen stellen)<\/p>\n<p><strong>Sonntag, 6. Oktober 2019<\/strong><br \/>\n11.45 Uhr, Kino Arena Sihlcity, Saal 6, Z\u00fcrich<\/p>\n<p>Beide Vorstellungen werden durch die Zauberlaterne eingeleitet.<\/p>\n<p>Die 12-j\u00e4hrige Sue ist ein stinknormales M\u00e4dchen, wie sie selber sagt. Sie liebt Comics und Superhelden. Nicht im Traum h\u00e4tte sie daran gedacht, selber einmal \u00fcbernat\u00fcrliche Kr\u00e4fte zu besitzen. Doch dann kommt sie mit einer Fl\u00fcssigkeit in Ber\u00fchrung, die ihre Mutter, eine Wissenschaftlerin, in ihrem geheimen Labor entwickelt hat \u2013 und Sue ist pl\u00f6tzlich unsichtbar. Als bald darauf ihre Mutter entf\u00fchrt wird, nutzt Sue ihre Gabe, um zusammen mit ihren Freunden App und Tobi den Entf\u00fchrern das Handwerk zu legen. \u00abInvisible Sue \u2013 Pl\u00f6tzlich unsichtbar\u00bb ist ein fantasievoller Superheldinnenfilm, der aber trotzdem immer am Boden bleibt.<\/p>\n<p><em>Mehr Infos zur Reihe \u00abZFF f\u00fcr Kinder\u00bb: <a href=\"https:\/\/zff.com\/de\/archiv\/24326\/\" target=\"_blank\" rel=\"noopener noreferrer\">www.zff.com<\/a><\/em><\/p>\n","protected":false},"excerpt":{"rendered":"<p>Das Zurich Film Festival und die Zauberlaterne pr\u00e4sentieren den Superheldinnenfilm von Markus Dietrich!<\/p>\n","protected":false},"author":1,"featured_media":46009,"template":"","class_list":["post-46008","lm_events","type-lm_events","status-publish","has-post-thumbnail","hentry"],"acf":{"start_date":"20191006","date_texte":"Sonntag, 29. September und Sonntag, 6. Oktober","location":"Z\u00fcrich","intro":"","subtitle":"\u00abInvisible Sue  \u2013 P\u00f6tzlich Unsichtbar\u00bb","bg_color":"vert","sidebar_title":"","sidebar_content":"","sidebar_image":false},"_links":{"self":[{"href":"https:\/\/www.lanterne-magique.org\/de\/wp-json\/wp\/v2\/lm_events\/46008","targetHints":{"allow":["GET"]}}],"collection":[{"href":"https:\/\/www.lanterne-magique.org\/de\/wp-json\/wp\/v2\/lm_events"}],"about":[{"href":"https:\/\/www.lanterne-magique.org\/de\/wp-json\/wp\/v2\/types\/lm_events"}],"author":[{"embeddable":true,"href":"https:\/\/www.lanterne-magique.org\/de\/wp-json\/wp\/v2\/users\/1"}],"version-history":[{"count":9,"href":"https:\/\/www.lanterne-magique.org\/de\/wp-json\/wp\/v2\/lm_events\/46008\/revisions"}],"predecessor-version":[{"id":46026,"href":"https:\/\/www.lanterne-magique.org\/de\/wp-json\/wp\/v2\/lm_events\/46008\/revisions\/46026"}],"wp:featuredmedia":[{"embeddable":true,"href":"https:\/\/www.lanterne-magique.org\/de\/wp-json\/wp\/v2\/media\/46009"}],"wp:attachment":[{"href":"https:\/\/www.lanterne-magique.org\/de\/wp-json\/wp\/v2\/media?parent=46008"}],"curies":[{"name":"wp","href":"https:\/\/api.w.org\/{rel}","templated":true}]}}