{"id":45199,"date":"2019-08-21T11:08:16","date_gmt":"2019-08-21T11:08:16","guid":{"rendered":"https:\/\/www.lanterne-magique.org\/?post_type=lm_events&#038;p=45199"},"modified":"2020-11-09T13:16:42","modified_gmt":"2020-11-09T13:16:42","slug":"workshop-fffh-2019","status":"publish","type":"lm_events","link":"https:\/\/www.lanterne-magique.org\/de\/events\/workshop-fffh-2019\/","title":{"rendered":"Workshop \u00abZur\u00fcck in die Zukunft\u00bb"},"content":{"rendered":"<p>Sich in den Armen eines Riesen geborgen f\u00fchlen, den Mond anknabbern, in einem Wasserglas planschen oder an Fingern \u00fcber einem Abgrund h\u00e4ngen? Mit dem FFFH und der Zauberlaterne kannst du die Heldin oder der Held eines Fantasy-Films werden!<\/p>\n<p><strong>Samstag, 14 und Sonntag, 15. September 2019<\/strong><br \/>\nFarelhaus, Oberer Quai 12, 2503 Biel<br \/>\n<strong>Dieser Kino-Workshop ist f\u00fcr Kinder von 6 bis 12 Jahren<\/strong><\/p>\n<p><mark class=\"bouton_wrapper\"><a href=\"https:\/\/www.lanterne-magique.org\/de\/workshop-fffh-19\/\" target=\"_blank\" rel=\"noopener noreferrer\">Anmeldung hier!<\/a><\/mark><\/p>\n<p>In diesem sehr unterhaltsamen Workshop, der vom Festival du Film Fran\u00e7ais d\u2019Helv\u00e9tie (FFFH) und der Zauberlaterne angeboten wird, zeigen dir professionelle Filmemacher\/innen, wie man einen wunderbaren perspektivischen Filmtrick machen kann\u2026 Nachdem du in eine aussergew\u00f6hnliche Szene integriert wurdest, die du dann gemeinsam mit deinen Freundinnen und Freunden inszenieren kannst, erf\u00e4hrst du, weshalb der Filmtrick \u00abZur\u00fcck in die Zukunft\u00bb heisst!<\/p>\n<p><em>Alle diese erstaunlichen Szenen werden anschliessend zu einem kurzen Film zusammengeschnitten, den das FFFH und die Zauberlaterne auf ihren Webseiten aufschalten.<\/em><\/p>\n<p><strong>Entdecke das FFFH unter <a href=\"https:\/\/www.fffh.ch\/de\/\" target=\"_blank\" rel=\"noopener noreferrer\">www.fffh.ch<\/a><\/strong><\/p>\n","protected":false},"excerpt":{"rendered":"<p>Schreib dich f\u00fcr den Workshop \u00abZur\u00fcck in die Zukunft\u00bb am FFFH ein!<\/p>\n","protected":false},"author":1,"featured_media":45191,"template":"","class_list":["post-45199","lm_events","type-lm_events","status-publish","has-post-thumbnail","hentry"],"acf":{"start_date":"20190914","date_texte":"Samstag, 14. und Sonntag, 15. September","location":"Farelhaus, Biel","intro":"Schreib dich f\u00fcr den Workshop \u00abZur\u00fcck in die Zukunft\u00bb am FFFH ein!","subtitle":"","bg_color":"bleu","sidebar_title":"","sidebar_content":"","sidebar_image":false},"_links":{"self":[{"href":"https:\/\/www.lanterne-magique.org\/de\/wp-json\/wp\/v2\/lm_events\/45199","targetHints":{"allow":["GET"]}}],"collection":[{"href":"https:\/\/www.lanterne-magique.org\/de\/wp-json\/wp\/v2\/lm_events"}],"about":[{"href":"https:\/\/www.lanterne-magique.org\/de\/wp-json\/wp\/v2\/types\/lm_events"}],"author":[{"embeddable":true,"href":"https:\/\/www.lanterne-magique.org\/de\/wp-json\/wp\/v2\/users\/1"}],"version-history":[{"count":5,"href":"https:\/\/www.lanterne-magique.org\/de\/wp-json\/wp\/v2\/lm_events\/45199\/revisions"}],"predecessor-version":[{"id":45854,"href":"https:\/\/www.lanterne-magique.org\/de\/wp-json\/wp\/v2\/lm_events\/45199\/revisions\/45854"}],"wp:featuredmedia":[{"embeddable":true,"href":"https:\/\/www.lanterne-magique.org\/de\/wp-json\/wp\/v2\/media\/45191"}],"wp:attachment":[{"href":"https:\/\/www.lanterne-magique.org\/de\/wp-json\/wp\/v2\/media?parent=45199"}],"curies":[{"name":"wp","href":"https:\/\/api.w.org\/{rel}","templated":true}]}}