{"id":23700,"date":"2015-09-10T07:55:51","date_gmt":"2015-09-10T07:55:51","guid":{"rendered":"https:\/\/www.magic-lantern.org\/?p=23700"},"modified":"2021-08-25T13:15:04","modified_gmt":"2021-08-25T13:15:04","slug":"fffh-2015-sam-o-cool","status":"publish","type":"lm_events","link":"https:\/\/www.lanterne-magique.org\/de\/events\/fffh-2015-sam-o-cool\/","title":{"rendered":"Entdecke \u00abSam O\u2019Cool\u00bb am FFFH!"},"content":{"rendered":"<p>Im Rahmen der 11. Ausgabe des Festival du Film Fran\u00e7ais d\u2019Helv\u00e9tie laden das FFFH und die Zauberlaterne Gross und Klein zum Tag der Kinder ein, um den Film \u00abSam O\u2019Cool \u2013 Ein schr\u00e4ger Vogel hebt ab\u00bb von Christian De Vita zu entdecken. Der Animationsfilm handelt vom kleinen und \u00e4ngstlichen Vogel Sam, der sich mit seinen neuen gefiederten Freunden wie die Zugv\u00f6gel nach Afrika aufmacht und unterwegs unz\u00e4hlige Abenteuer erlebt.<\/p>\n<h4>Mittwoch, 16. September 2015, 15.30 Uhr im Kino Rex<\/h4>\n<p>T\u00fcr\u00f6ffnung um 15.20 Uhr. Ende der Vorf\u00fchrung un 17.10 Uhr. Deutsch gesprochen.<br \/>\nVor der Vorstellung werden lustige Kurzfilme gezeigt, welche im Rahmen des Workshops \u00abWerde Filmschauspieler\/in!\u00bbvon der Zauberlaterne in Zusammenarbeit mit dem FFFH entstanden sind. In diesem Workshop entdecken Kinder, was es heisst Schauspieler\/in zu sein und interpretieren bekannte Szenen aus franz\u00f6sischen Filmen neu.<\/p>\n<p><strong>Die Tickets m\u00fcssen im Vorfeld reserviert und abgeholt werden.<\/strong><br \/>\n<a href=\"https:\/\/www.magic-lantern.org\/wp-content\/uploads\/2015\/09\/Einladung_Tag_der_Kinder_FFFH.pdf\" target=\"_blank\" rel=\"noopener noreferrer\">Kinder unter 12 Jahren bekommen hier einen Gratiseintritt f\u00fcr zwei Kinder.<\/a><br \/>\nKinder ab 12 Jahren und Erwachsene: 10.- CHF<br \/>\nDie Tickets k\u00f6nnen im Kino Rex, Unterer Quai 92, Biel zu den Kino\u00f6ffnungszeiten abgeholt werden.<\/p>\n<p><em>Das FFFH \u00fcberweist s\u00e4mtliche Ticketeinnahmen sowie 5.- CHF pro Gratiseintritt an die Theodora Stiftung.<\/em><\/p>\n<p>Vollst\u00e4ndiges Programm auf <a href=\"http:\/\/www.fffh.ch\" target=\"_blank\" rel=\"noopener noreferrer\">www.fffh.ch<\/a><\/p>\n","protected":false},"excerpt":{"rendered":"<p>Die Zauberlaterne l\u00e4dt Gross und Klein zum Tag der Kinder ein, um den Film \u00abSam O&#8217;Cool \u2013 Ein schr\u00e4ger Vogel hebt ab\u00bb von Christian De Vita zu entdecken. <strong>Mittwoch, 16. September<\/strong>, 15.30 Uhr im Kino Rex, Biel.<\/p>\n","protected":false},"author":8,"featured_media":37671,"template":"","class_list":["post-23700","lm_events","type-lm_events","status-publish","has-post-thumbnail","hentry"],"acf":{"start_date":"20150916","date_texte":"Mittwoch, 16. September 2015","location":"Biel","intro":"Das FFFH und die Zauberlaterne laden Gross und Klein zum Tag der Kinder ein.","subtitle":"Sam O'Cool","bg_color":"saumon","sidebar_title":"","sidebar_content":"","sidebar_image":false},"_links":{"self":[{"href":"https:\/\/www.lanterne-magique.org\/de\/wp-json\/wp\/v2\/lm_events\/23700","targetHints":{"allow":["GET"]}}],"collection":[{"href":"https:\/\/www.lanterne-magique.org\/de\/wp-json\/wp\/v2\/lm_events"}],"about":[{"href":"https:\/\/www.lanterne-magique.org\/de\/wp-json\/wp\/v2\/types\/lm_events"}],"author":[{"embeddable":true,"href":"https:\/\/www.lanterne-magique.org\/de\/wp-json\/wp\/v2\/users\/8"}],"version-history":[{"count":3,"href":"https:\/\/www.lanterne-magique.org\/de\/wp-json\/wp\/v2\/lm_events\/23700\/revisions"}],"predecessor-version":[{"id":50377,"href":"https:\/\/www.lanterne-magique.org\/de\/wp-json\/wp\/v2\/lm_events\/23700\/revisions\/50377"}],"wp:featuredmedia":[{"embeddable":true,"href":"https:\/\/www.lanterne-magique.org\/de\/wp-json\/wp\/v2\/media\/37671"}],"wp:attachment":[{"href":"https:\/\/www.lanterne-magique.org\/de\/wp-json\/wp\/v2\/media?parent=23700"}],"curies":[{"name":"wp","href":"https:\/\/api.w.org\/{rel}","templated":true}]}}