{"id":1810,"date":"2010-08-16T06:30:51","date_gmt":"2010-08-16T06:30:51","guid":{"rendered":"http:\/\/info.lanterne.ch\/?p=1810"},"modified":"2021-08-25T13:15:13","modified_gmt":"2021-08-25T13:15:13","slug":"die-zauberlaterne-am-fantoche-festival","status":"publish","type":"lm_events","link":"https:\/\/www.lanterne-magique.org\/de\/events\/die-zauberlaterne-am-fantoche-festival\/","title":{"rendered":"Die Zauberlaterne am Fantoche Festival"},"content":{"rendered":"<p><img loading=\"lazy\" decoding=\"async\" class=\"alignnone size-full wp-image-1817\" title=\"fa09_3_138_WEB\" src=\"http:\/\/info.lanterne.ch\/wp-content\/uploads\/2010\/08\/fa09_3_138_WEB.jpg\" alt=\"\" width=\"600\" height=\"350\" \/><\/p>\n<h2>Lass dich von den Kinderprogrammen am Fantoche verzaubern!<\/h2>\n<p>Die Filmprogramme f\u00fcr die 4- bis 7-J\u00e4hrigen und die 8- bis 12-J\u00e4hrigen wurden in Zusammenarbeit mit der Zauberlaterne ausgew\u00e4hlt. Das internationale Festival f\u00fcr Animationsfilm findet vom 7. \u2013 12. September 2010 in Baden statt.<\/p>\n<p><strong>Am Sonntag, 12. September 2010, um 12.00 Uhr pr\u00e4sentiert die Zauberlaterne die Animationsserie &#8222;<a href=\"http:\/\/www.cine-bazar.org\/CatMovie\/index-de_.html\" target=\"_blank\" rel=\"noopener noreferrer\">Die Katze, die einen Film machen wollte<\/a>&#8222;.<\/strong><br \/>\nDabei erz\u00e4hlen Musiker, Illustratoren, Tonspezialisten und Schauspieler wie die spannende Serie entstanden ist. Interessierte Kinder und Eltern sind herzlich eingeladen, in die Geheimnisse der Filmproduktion einzutauchen.<\/p>\n<p><strong>Ebenfalls am Sonntag, 12. September 2010, um 15.30 Uhr wird der franz\u00f6sische M\u00e4rchenfilm &#8222;K\u00e9rity&#8220; gezeigt, und zwar mit deutschem Live-Kommentar.<\/strong><br \/>\nAuch hier ist die ganze Familie herzlich eingeladen, in dieses einmalige Filmerlebnis einzutauchen.<\/p>\n<p><em>Mehr Infos und Spieldaten unter: <a href=\"http:\/\/www.fantoche.ch\/\" target=\"_blank\" rel=\"noopener noreferrer\">www.fantoche.ch<\/a>.<\/em><\/p>\n","protected":false},"excerpt":{"rendered":"<p>Lass dich von den Kinderprogrammen am Fantoche verzaubern! Die Filmprogramme f\u00fcr die 4- bis 7-J\u00e4hrigen und die 8- bis 12-J\u00e4hrigen wurden in Zusammenarbeit mit der Zauberlaterne ausgew\u00e4hlt. Das internationale Festival f\u00fcr Animationsfilm findet vom 7. \u2013 12. September 2010 in Baden statt. Am Sonntag, 12. September 2010, um 12.00 Uhr pr\u00e4sentiert die Zauberlaterne die Animationsserie [&hellip;]<\/p>\n","protected":false},"author":1,"featured_media":1817,"template":"","class_list":["post-1810","lm_events","type-lm_events","status-publish","has-post-thumbnail","hentry"],"acf":{"sidebar_title":null,"sidebar_content":null,"sidebar_image":null,"start_date":null,"date_texte":null,"location":null,"intro":null,"subtitle":null,"bg_color":null},"_links":{"self":[{"href":"https:\/\/www.lanterne-magique.org\/de\/wp-json\/wp\/v2\/lm_events\/1810","targetHints":{"allow":["GET"]}}],"collection":[{"href":"https:\/\/www.lanterne-magique.org\/de\/wp-json\/wp\/v2\/lm_events"}],"about":[{"href":"https:\/\/www.lanterne-magique.org\/de\/wp-json\/wp\/v2\/types\/lm_events"}],"author":[{"embeddable":true,"href":"https:\/\/www.lanterne-magique.org\/de\/wp-json\/wp\/v2\/users\/1"}],"version-history":[{"count":1,"href":"https:\/\/www.lanterne-magique.org\/de\/wp-json\/wp\/v2\/lm_events\/1810\/revisions"}],"predecessor-version":[{"id":50411,"href":"https:\/\/www.lanterne-magique.org\/de\/wp-json\/wp\/v2\/lm_events\/1810\/revisions\/50411"}],"wp:featuredmedia":[{"embeddable":true,"href":"https:\/\/www.lanterne-magique.org\/de\/wp-json\/"}],"wp:attachment":[{"href":"https:\/\/www.lanterne-magique.org\/de\/wp-json\/wp\/v2\/media?parent=1810"}],"curies":[{"name":"wp","href":"https:\/\/api.w.org\/{rel}","templated":true}]}}